{"id":29377,"date":"2023-12-18T18:50:35","date_gmt":"2023-12-18T17:50:35","guid":{"rendered":"https:\/\/animabikes.com\/?page_id=29377"},"modified":"2024-07-15T18:41:39","modified_gmt":"2024-07-15T16:41:39","slug":"conditions-generales-de-vente","status":"publish","type":"page","link":"https:\/\/animabikes.com\/conditions-generales-de-vente\/","title":{"rendered":"Conditions g\u00e9n\u00e9rales de vente"},"content":{"rendered":"<p>[et_pb_section fb_built=\u00a0\u00bb1&Prime; _builder_version=\u00a0\u00bb4.16&Prime; global_colors_info=\u00a0\u00bb{}\u00a0\u00bb][et_pb_row column_structure=\u00a0\u00bb3_4,1_4&Prime; _builder_version=\u00a0\u00bb4.16&Prime; background_size=\u00a0\u00bbinitial\u00a0\u00bb background_position=\u00a0\u00bbtop_left\u00a0\u00bb background_repeat=\u00a0\u00bbrepeat\u00a0\u00bb global_colors_info=\u00a0\u00bb{}\u00a0\u00bb][et_pb_column type=\u00a0\u00bb3_4&Prime; _builder_version=\u00a0\u00bb4.16&Prime; custom_padding=\u00a0\u00bb|||\u00a0\u00bb global_colors_info=\u00a0\u00bb{}\u00a0\u00bb custom_padding__hover=\u00a0\u00bb|||\u00a0\u00bb][et_pb_text module_class=\u00a0\u00bbpages_RGPD\u00a0\u00bb _builder_version=\u00a0\u00bb4.25.0&Prime; vertical_offset_tablet=\u00a0\u00bb0&Prime; horizontal_offset_tablet=\u00a0\u00bb0&Prime; z_index_tablet=\u00a0\u00bb0&Prime; text_text_shadow_horizontal_length_tablet=\u00a0\u00bb0px\u00a0\u00bb text_text_shadow_vertical_length_tablet=\u00a0\u00bb0px\u00a0\u00bb text_text_shadow_blur_strength_tablet=\u00a0\u00bb1px\u00a0\u00bb link_text_shadow_horizontal_length_tablet=\u00a0\u00bb0px\u00a0\u00bb link_text_shadow_vertical_length_tablet=\u00a0\u00bb0px\u00a0\u00bb link_text_shadow_blur_strength_tablet=\u00a0\u00bb1px\u00a0\u00bb ul_text_shadow_horizontal_length_tablet=\u00a0\u00bb0px\u00a0\u00bb ul_text_shadow_vertical_length_tablet=\u00a0\u00bb0px\u00a0\u00bb ul_text_shadow_blur_strength_tablet=\u00a0\u00bb1px\u00a0\u00bb ol_text_shadow_horizontal_length_tablet=\u00a0\u00bb0px\u00a0\u00bb ol_text_shadow_vertical_length_tablet=\u00a0\u00bb0px\u00a0\u00bb ol_text_shadow_blur_strength_tablet=\u00a0\u00bb1px\u00a0\u00bb quote_text_shadow_horizontal_length_tablet=\u00a0\u00bb0px\u00a0\u00bb quote_text_shadow_vertical_length_tablet=\u00a0\u00bb0px\u00a0\u00bb quote_text_shadow_blur_strength_tablet=\u00a0\u00bb1px\u00a0\u00bb header_text_shadow_horizontal_length_tablet=\u00a0\u00bb0px\u00a0\u00bb header_text_shadow_vertical_length_tablet=\u00a0\u00bb0px\u00a0\u00bb header_text_shadow_blur_strength_tablet=\u00a0\u00bb1px\u00a0\u00bb header_2_text_shadow_horizontal_length_tablet=\u00a0\u00bb0px\u00a0\u00bb header_2_text_shadow_vertical_length_tablet=\u00a0\u00bb0px\u00a0\u00bb header_2_text_shadow_blur_strength_tablet=\u00a0\u00bb1px\u00a0\u00bb header_3_text_shadow_horizontal_length_tablet=\u00a0\u00bb0px\u00a0\u00bb header_3_text_shadow_vertical_length_tablet=\u00a0\u00bb0px\u00a0\u00bb header_3_text_shadow_blur_strength_tablet=\u00a0\u00bb1px\u00a0\u00bb header_4_text_shadow_horizontal_length_tablet=\u00a0\u00bb0px\u00a0\u00bb header_4_text_shadow_vertical_length_tablet=\u00a0\u00bb0px\u00a0\u00bb header_4_text_shadow_blur_strength_tablet=\u00a0\u00bb1px\u00a0\u00bb header_5_text_shadow_horizontal_length_tablet=\u00a0\u00bb0px\u00a0\u00bb header_5_text_shadow_vertical_length_tablet=\u00a0\u00bb0px\u00a0\u00bb header_5_text_shadow_blur_strength_tablet=\u00a0\u00bb1px\u00a0\u00bb header_6_text_shadow_horizontal_length_tablet=\u00a0\u00bb0px\u00a0\u00bb header_6_text_shadow_vertical_length_tablet=\u00a0\u00bb0px\u00a0\u00bb header_6_text_shadow_blur_strength_tablet=\u00a0\u00bb1px\u00a0\u00bb box_shadow_horizontal_tablet=\u00a0\u00bb0px\u00a0\u00bb box_shadow_vertical_tablet=\u00a0\u00bb0px\u00a0\u00bb box_shadow_blur_tablet=\u00a0\u00bb40px\u00a0\u00bb box_shadow_spread_tablet=\u00a0\u00bb0px\u00a0\u00bb global_colors_info=\u00a0\u00bb{}\u00a0\u00bb]<\/p>\n<h1>Conditions g\u00e9n\u00e9rales de vente<\/h1>\n<ol>\n<li><strong> Objet<\/strong><\/li>\n<\/ol>\n<p style=\"font-weight: 400;\">Les pr\u00e9sentes conditions g\u00e9n\u00e9rales de vente r\u00e9gissent les relations contractuelles entre Anima Bikes S\u00e0rl, ci-apr\u00e8s d\u00e9nomm\u00e9e \u00ab\u00a0Anima Bikes\u00a0\u00bb, et ses clients dans le cadre de l&rsquo;organisation de voyages de plusieurs jours ou d&rsquo;excursions journali\u00e8res en v\u00e9lo \u00e9lectrique trekking (VAE) ou VTT, de location de\u00a0v\u00e9lo \u00e9lectrique trekking, de services de guidage, d\u2019offre d&rsquo;h\u00e9bergement et de restauration ainsi que de d\u00e9gustations de produits alimentaires du terroir, en Suisse et en Espagne.<\/p>\n<ol start=\"2\">\n<li style=\"font-weight: 400;\"><strong> R\u00e9servation et Paiement<\/strong><\/li>\n<\/ol>\n<p style=\"font-weight: 400;\">2.1 Le client peut r\u00e9server ses services en ligne via le site web d&rsquo;Anima Bikes \u00ab animabikes.com \u00bb. Le paiement peut \u00eatre effectu\u00e9 par virement bancaire sur le compte CHF.<\/p>\n<p style=\"font-weight: 400;\">2.2 Dans le cadre d\u2019une excursion journali\u00e8re, Le paiement int\u00e9gral doit \u00eatre effectu\u00e9 au moment de la r\u00e9servation, sauf indication contraire sp\u00e9cifi\u00e9e par la soci\u00e9t\u00e9 Anima Bikes S\u00e0rl.<\/p>\n<p style=\"font-weight: 400;\">2.3 Dans le cadre d\u2019un voyage de plusieurs jours, Le paiement int\u00e9gral doit \u00eatre effectu\u00e9 au moment de la r\u00e9servation au plus tard 45 jours avant la date de d\u00e9part, sauf indication contraire sp\u00e9cifi\u00e9e par la soci\u00e9t\u00e9 AnimaBikes S\u00e0rl.<\/p>\n<ol start=\"3\">\n<li style=\"font-weight: 400;\"><strong> Annulation et Remboursement<\/strong><\/li>\n<\/ol>\n<p style=\"font-weight: 400;\">3.1 En cas d&rsquo;annulation de la part du client pour les excusions journali\u00e8res:<\/p>\n<ul>\n<li>Si l&rsquo;annulation intervient plus de 72 heures avant la date pr\u00e9vue du voyage ou de l&rsquo;excursion, un remboursement int\u00e9gral sera effectu\u00e9.<\/li>\n<li>Si l&rsquo;annulation intervient moins de 72 heures avant la date pr\u00e9vue du voyage ou de l&rsquo;excursion, aucun remboursement ne sera effectu\u00e9.<\/li>\n<\/ul>\n<p style=\"font-weight: 400;\">3.2 En cas d&rsquo;annulation de la part du client pour les voyages:<\/p>\n<ul>\n<li>Si l&rsquo;annulation intervient plus de 45 jours avant la date pr\u00e9vue du voyage ou de l&rsquo;excursion, un remboursement int\u00e9gral sera effectu\u00e9.<\/li>\n<li>Si l&rsquo;annulation intervient entre 45 jours et 15 jours avant la date pr\u00e9vue du voyage ou de l&rsquo;excursion, un remboursement partiel (la moiti\u00e9 du paiement) sera effectu\u00e9.<\/li>\n<li>Si l&rsquo;annulation intervient moins de 15 jours avant la date pr\u00e9vue du voyage ou de l&rsquo;excursion, aucun remboursement ne sera effectu\u00e9.<\/li>\n<\/ul>\n<p style=\"font-weight: 400;\">3.3 En cas d&rsquo;annulation de la part d&rsquo;Anima Bikes en raison de circonstances ind\u00e9pendantes de sa volont\u00e9 (conditions m\u00e9t\u00e9orologiques d\u00e9favorables, probl\u00e8mes logistiques, etc.), Les clients seront inform\u00e9s d\u00e8s que possible et auront le choix entre un remboursement int\u00e9gral ou le report du voyage ou de l&rsquo;excursion \u00e0 une date ult\u00e9rieure.<\/p>\n<ol start=\"4\">\n<li style=\"font-weight: 400;\"><strong> Responsabilit\u00e9s<\/strong><\/li>\n<\/ol>\n<p style=\"font-weight: 400;\">4.1 Les clients participent aux voyages et aux excursions organis\u00e9s par Anima Bikes \u00e0 leurs propres risques et sous leur propre responsabilit\u00e9. La soci\u00e9t\u00e9 d\u00e9cline toute responsabilit\u00e9 en cas d&rsquo;accident, de blessure, de perte ou de dommage survenant pendant le d\u00e9roulement du voyage ou de l&rsquo;excursion.<\/p>\n<p style=\"font-weight: 400;\">4.2 Les clients doivent \u00eatre en bonne sant\u00e9 et informer Anima Bikes de toute condition m\u00e9dicale pr\u00e9existante.Chaque participant doit \u00eatre au b\u00e9n\u00e9fice d&rsquo;une assurance Responsabilit\u00e9 Civile, vol (dans le cadre d\u2019une location du\u00a0v\u00e9lo \u00e9lectrique trekking et\/des accessoires), assistance, rapatriement &amp; frais m\u00e9dicaux. Avant de partir pour une excursion ou un voyage, assurez-vous aupr\u00e8s de votre assureur que votre contrat d&rsquo;assurance couvre la destination choisie et inclue les frais de secours et de rapatriement.<\/p>\n<p style=\"font-weight: 400;\">4.3 Les clients sont tenus de respecter les consignes de s\u00e9curit\u00e9 fournies par les guides d&rsquo;Anima Bikes et de se conformer aux lois et r\u00e8glements en vigueur dans les pays visit\u00e9s. Pour information, La charge maximale des v\u00e9los est de 120 kg. L\u2019\u00e2ge minimum obligatoire pour rouler avec un v\u00e9lo \u00e9lectrique est de 14 ans avec un permis M (v\u00e9lomoteur). D\u00e8s 16 ans sans permis.<\/p>\n<ol start=\"5\">\n<li style=\"font-weight: 400;\"><strong>Modification du programme<\/strong><\/li>\n<\/ol>\n<p style=\"font-weight: 400;\">Anima Bikes se r\u00e9serve le droit de modifier le programme d&rsquo;un voyage ou d&rsquo;une excursion en cas de force majeure ou de circonstances impr\u00e9vues. Les clients seront inform\u00e9s de toute modification d\u00e8s que possible.<\/p>\n<ol start=\"6\">\n<li style=\"font-weight: 400;\"><strong>Confidentialit\u00e9 des Donn\u00e9es<\/strong><\/li>\n<\/ol>\n<p style=\"font-weight: 400;\">Anima Bikes s&rsquo;engage \u00e0 prot\u00e9ger les donn\u00e9es personnelles des clients conform\u00e9ment \u00e0 la l\u00e9gislation en vigueur. Les informations collect\u00e9es ne seront utilis\u00e9es que dans le cadre de la prestation de services.<\/p>\n<ol start=\"7\">\n<li style=\"font-weight: 400;\"><strong>Force Majeure<\/strong><\/li>\n<\/ol>\n<p style=\"font-weight: 400;\">Anima Bikes ne pourra \u00eatre tenue responsable en cas d&rsquo;inex\u00e9cution ou de retard dans l&rsquo;ex\u00e9cution de ses obligations r\u00e9sultant d&rsquo;un cas de force majeure.<\/p>\n<ol start=\"8\">\n<li style=\"font-weight: 400;\"><strong>Loi Applicable et Litiges<\/strong><\/li>\n<\/ol>\n<p style=\"font-weight: 400;\">Les pr\u00e9sentes conditions g\u00e9n\u00e9rales de vente sont r\u00e9gies par le droit suisse. Tout litige d\u00e9coulant de l&rsquo;interpr\u00e9tation ou de l&rsquo;ex\u00e9cution des pr\u00e9sentes sera soumis aux tribunaux comp\u00e9tents de la juridiction du si\u00e8ge social d&rsquo;Anima Bikes.<\/p>\n<p style=\"font-weight: 400;\">En r\u00e9servant un voyage ou une excursion avec Anima Bikes, le client reconna\u00eet avoir lu, compris et accept\u00e9 les pr\u00e9sentes conditions g\u00e9n\u00e9rales de vente.<\/p>\n<p style=\"font-weight: 400;\">Pour toute question ou demande d&rsquo;information suppl\u00e9mentaire, veuillez contacter Anima Bikes \u00e0 l&rsquo;adresse suivante :<\/p>\n<ul>\n<li>par mail\u00a0: <a href=\"mailto:info@animabikes.com\">info@animabikes.com<\/a>.<\/li>\n<li>par courrier\u00a0: Anima Bikes S\u00e0rl, c\/o Marie Laure Scherler, Chemin de la Violette 8, CH-1030 Bussigny, Suisse<\/li>\n<\/ul>\n<p>Derni\u00e8re mise \u00e0 jour<span class=\"espace-fine-insecable\">\u00a0<\/span>: f\u00e9vrier 2024.<\/p>\n<hr class=\"ligne-pdc-ml\" \/>\n<p>tous droits r\u00e9serv\u00e9s \u00a9 Anima Bikes S\u00e0rl<\/p>\n<p>[\/et_pb_text][\/et_pb_column][et_pb_column type=\u00a0\u00bb1_4&Prime; _builder_version=\u00a0\u00bb4.16&Prime; custom_padding=\u00a0\u00bb|||\u00a0\u00bb global_colors_info=\u00a0\u00bb{}\u00a0\u00bb custom_padding__hover=\u00a0\u00bb|||\u00a0\u00bb][\/et_pb_column][\/et_pb_row][\/et_pb_section]<\/p>\n","protected":false},"excerpt":{"rendered":"<p>Conditions g\u00e9n\u00e9rales de vente Objet Les pr\u00e9sentes conditions g\u00e9n\u00e9rales de vente r\u00e9gissent les relations contractuelles entre Anima Bikes S\u00e0rl, ci-apr\u00e8s d\u00e9nomm\u00e9e \u00ab\u00a0Anima Bikes\u00a0\u00bb, et ses clients dans le cadre de l&rsquo;organisation de voyages de plusieurs jours ou d&rsquo;excursions journali\u00e8res en v\u00e9lo \u00e9lectrique trekking (VAE) ou VTT, de location de\u00a0v\u00e9lo \u00e9lectrique trekking, de services de guidage, [&hellip;]<\/p>\n","protected":false},"author":5,"featured_media":0,"parent":0,"menu_order":22,"comment_status":"closed","ping_status":"closed","template":"","meta":{"_et_pb_use_builder":"on","_et_pb_old_content":"","_et_gb_content_width":"","footnotes":""},"class_list":["post-29377","page","type-page","status-publish","hentry"],"yoast_head":"<!-- This site is optimized with the Yoast SEO plugin v27.5 - https:\/\/yoast.com\/product\/yoast-seo-wordpress\/ -->\n<title>Anima Bikes | Conditions g\u00e9n\u00e9rales de vente<\/title>\n<meta name=\"robots\" content=\"index, follow, max-snippet:-1, max-image-preview:large, max-video-preview:-1\" \/>\n<link rel=\"canonical\" href=\"https:\/\/animabikes.com\/conditions-generales-de-vente\/\" \/>\n<meta property=\"og:locale\" content=\"fr_FR\" \/>\n<meta property=\"og:type\" content=\"article\" \/>\n<meta property=\"og:title\" content=\"Anima Bikes | Conditions g\u00e9n\u00e9rales de vente\" \/>\n<meta property=\"og:description\" content=\"Conditions g\u00e9n\u00e9rales de vente Objet Les pr\u00e9sentes conditions g\u00e9n\u00e9rales de vente r\u00e9gissent les relations contractuelles entre Anima Bikes S\u00e0rl, ci-apr\u00e8s d\u00e9nomm\u00e9e &quot;Anima Bikes&quot;, et ses clients dans le cadre de l&#039;organisation de voyages de plusieurs jours ou d&#039;excursions journali\u00e8res en v\u00e9lo \u00e9lectrique trekking (VAE) ou VTT, de location de\u00a0v\u00e9lo \u00e9lectrique trekking, de services de guidage, [&hellip;]\" \/>\n<meta property=\"og:url\" content=\"https:\/\/animabikes.com\/conditions-generales-de-vente\/\" \/>\n<meta property=\"og:site_name\" content=\"Anima Bikes\" \/>\n<meta property=\"article:publisher\" content=\"https:\/\/www.facebook.com\/AnimaBikes\" \/>\n<meta property=\"article:modified_time\" content=\"2024-07-15T16:41:39+00:00\" \/>\n<meta name=\"twitter:card\" content=\"summary_large_image\" \/>\n<meta name=\"twitter:label1\" content=\"Dur\u00e9e de lecture estim\u00e9e\" \/>\n\t<meta name=\"twitter:data1\" content=\"4 minutes\" \/>\n<script type=\"application\/ld+json\" class=\"yoast-schema-graph\">{\"@context\":\"https:\\\/\\\/schema.org\",\"@graph\":[{\"@type\":\"WebPage\",\"@id\":\"https:\\\/\\\/animabikes.com\\\/conditions-generales-de-vente\\\/\",\"url\":\"https:\\\/\\\/animabikes.com\\\/conditions-generales-de-vente\\\/\",\"name\":\"Anima Bikes | Conditions g\u00e9n\u00e9rales de vente\",\"isPartOf\":{\"@id\":\"https:\\\/\\\/animabikes.com\\\/#website\"},\"datePublished\":\"2023-12-18T17:50:35+00:00\",\"dateModified\":\"2024-07-15T16:41:39+00:00\",\"breadcrumb\":{\"@id\":\"https:\\\/\\\/animabikes.com\\\/conditions-generales-de-vente\\\/#breadcrumb\"},\"inLanguage\":\"fr-FR\",\"potentialAction\":[{\"@type\":\"ReadAction\",\"target\":[\"https:\\\/\\\/animabikes.com\\\/conditions-generales-de-vente\\\/\"]}]},{\"@type\":\"BreadcrumbList\",\"@id\":\"https:\\\/\\\/animabikes.com\\\/conditions-generales-de-vente\\\/#breadcrumb\",\"itemListElement\":[{\"@type\":\"ListItem\",\"position\":1,\"name\":\"Bienvenue\",\"item\":\"https:\\\/\\\/animabikes.com\\\/\"},{\"@type\":\"ListItem\",\"position\":2,\"name\":\"Conditions g\u00e9n\u00e9rales de vente\"}]},{\"@type\":\"WebSite\",\"@id\":\"https:\\\/\\\/animabikes.com\\\/#website\",\"url\":\"https:\\\/\\\/animabikes.com\\\/\",\"name\":\"Anima Bikes\",\"description\":\"Partez \u00e0 l&#039;aventure !\",\"publisher\":{\"@id\":\"https:\\\/\\\/animabikes.com\\\/#organization\"},\"potentialAction\":[{\"@type\":\"SearchAction\",\"target\":{\"@type\":\"EntryPoint\",\"urlTemplate\":\"https:\\\/\\\/animabikes.com\\\/?s={search_term_string}\"},\"query-input\":{\"@type\":\"PropertyValueSpecification\",\"valueRequired\":true,\"valueName\":\"search_term_string\"}}],\"inLanguage\":\"fr-FR\"},{\"@type\":\"Organization\",\"@id\":\"https:\\\/\\\/animabikes.com\\\/#organization\",\"name\":\"Anima Bikes\",\"url\":\"https:\\\/\\\/animabikes.com\\\/\",\"logo\":{\"@type\":\"ImageObject\",\"inLanguage\":\"fr-FR\",\"@id\":\"https:\\\/\\\/animabikes.com\\\/#\\\/schema\\\/logo\\\/image\\\/\",\"url\":\"https:\\\/\\\/animabikes.com\\\/wp-content\\\/uploads\\\/2023\\\/10\\\/logo-animabike1_Logo-05-600-x-600-px.png\",\"contentUrl\":\"https:\\\/\\\/animabikes.com\\\/wp-content\\\/uploads\\\/2023\\\/10\\\/logo-animabike1_Logo-05-600-x-600-px.png\",\"width\":600,\"height\":600,\"caption\":\"Anima Bikes\"},\"image\":{\"@id\":\"https:\\\/\\\/animabikes.com\\\/#\\\/schema\\\/logo\\\/image\\\/\"},\"sameAs\":[\"https:\\\/\\\/www.facebook.com\\\/AnimaBikes\",\"https:\\\/\\\/www.instagram.com\\\/anima_bikes\\\/\",\"https:\\\/\\\/www.youtube.com\\\/@AnimaBikes\"]}]}<\/script>\n<!-- \/ Yoast SEO plugin. -->","yoast_head_json":{"title":"Anima Bikes | Conditions g\u00e9n\u00e9rales de vente","robots":{"index":"index","follow":"follow","max-snippet":"max-snippet:-1","max-image-preview":"max-image-preview:large","max-video-preview":"max-video-preview:-1"},"canonical":"https:\/\/animabikes.com\/conditions-generales-de-vente\/","og_locale":"fr_FR","og_type":"article","og_title":"Anima Bikes | Conditions g\u00e9n\u00e9rales de vente","og_description":"Conditions g\u00e9n\u00e9rales de vente Objet Les pr\u00e9sentes conditions g\u00e9n\u00e9rales de vente r\u00e9gissent les relations contractuelles entre Anima Bikes S\u00e0rl, ci-apr\u00e8s d\u00e9nomm\u00e9e \"Anima Bikes\", et ses clients dans le cadre de l'organisation de voyages de plusieurs jours ou d'excursions journali\u00e8res en v\u00e9lo \u00e9lectrique trekking (VAE) ou VTT, de location de\u00a0v\u00e9lo \u00e9lectrique trekking, de services de guidage, [&hellip;]","og_url":"https:\/\/animabikes.com\/conditions-generales-de-vente\/","og_site_name":"Anima Bikes","article_publisher":"https:\/\/www.facebook.com\/AnimaBikes","article_modified_time":"2024-07-15T16:41:39+00:00","twitter_card":"summary_large_image","twitter_misc":{"Dur\u00e9e de lecture estim\u00e9e":"4 minutes"},"schema":{"@context":"https:\/\/schema.org","@graph":[{"@type":"WebPage","@id":"https:\/\/animabikes.com\/conditions-generales-de-vente\/","url":"https:\/\/animabikes.com\/conditions-generales-de-vente\/","name":"Anima Bikes | Conditions g\u00e9n\u00e9rales de vente","isPartOf":{"@id":"https:\/\/animabikes.com\/#website"},"datePublished":"2023-12-18T17:50:35+00:00","dateModified":"2024-07-15T16:41:39+00:00","breadcrumb":{"@id":"https:\/\/animabikes.com\/conditions-generales-de-vente\/#breadcrumb"},"inLanguage":"fr-FR","potentialAction":[{"@type":"ReadAction","target":["https:\/\/animabikes.com\/conditions-generales-de-vente\/"]}]},{"@type":"BreadcrumbList","@id":"https:\/\/animabikes.com\/conditions-generales-de-vente\/#breadcrumb","itemListElement":[{"@type":"ListItem","position":1,"name":"Bienvenue","item":"https:\/\/animabikes.com\/"},{"@type":"ListItem","position":2,"name":"Conditions g\u00e9n\u00e9rales de vente"}]},{"@type":"WebSite","@id":"https:\/\/animabikes.com\/#website","url":"https:\/\/animabikes.com\/","name":"Anima Bikes","description":"Partez \u00e0 l&#039;aventure !","publisher":{"@id":"https:\/\/animabikes.com\/#organization"},"potentialAction":[{"@type":"SearchAction","target":{"@type":"EntryPoint","urlTemplate":"https:\/\/animabikes.com\/?s={search_term_string}"},"query-input":{"@type":"PropertyValueSpecification","valueRequired":true,"valueName":"search_term_string"}}],"inLanguage":"fr-FR"},{"@type":"Organization","@id":"https:\/\/animabikes.com\/#organization","name":"Anima Bikes","url":"https:\/\/animabikes.com\/","logo":{"@type":"ImageObject","inLanguage":"fr-FR","@id":"https:\/\/animabikes.com\/#\/schema\/logo\/image\/","url":"https:\/\/animabikes.com\/imagesgk\/2023\/10\/logo-animabike1_Logo-05-600-x-600-px.png","contentUrl":"https:\/\/animabikes.com\/imagesgk\/2023\/10\/logo-animabike1_Logo-05-600-x-600-px.png","width":600,"height":600,"caption":"Anima Bikes"},"image":{"@id":"https:\/\/animabikes.com\/#\/schema\/logo\/image\/"},"sameAs":["https:\/\/www.facebook.com\/AnimaBikes","https:\/\/www.instagram.com\/anima_bikes\/","https:\/\/www.youtube.com\/@AnimaBikes"]}]}},"_links":{"self":[{"href":"https:\/\/animabikes.com\/api-json-gk\/wp\/v2\/pages\/29377","targetHints":{"allow":["GET"]}}],"collection":[{"href":"https:\/\/animabikes.com\/api-json-gk\/wp\/v2\/pages"}],"about":[{"href":"https:\/\/animabikes.com\/api-json-gk\/wp\/v2\/types\/page"}],"author":[{"embeddable":true,"href":"https:\/\/animabikes.com\/api-json-gk\/wp\/v2\/users\/5"}],"replies":[{"embeddable":true,"href":"https:\/\/animabikes.com\/api-json-gk\/wp\/v2\/comments?post=29377"}],"version-history":[{"count":0,"href":"https:\/\/animabikes.com\/api-json-gk\/wp\/v2\/pages\/29377\/revisions"}],"wp:attachment":[{"href":"https:\/\/animabikes.com\/api-json-gk\/wp\/v2\/media?parent=29377"}],"curies":[{"name":"wp","href":"https:\/\/api.w.org\/{rel}","templated":true}]}}