{"id":34438,"date":"2025-02-17T17:32:36","date_gmt":"2025-02-17T16:32:36","guid":{"rendered":"https:\/\/animabikes.com\/?page_id=34438"},"modified":"2026-04-01T17:34:33","modified_gmt":"2026-04-01T15:34:33","slug":"politica-de-privacidad","status":"publish","type":"page","link":"https:\/\/animabikes.com\/es\/politica-de-privacidad\/","title":{"rendered":"Pol\u00edtica de privacidad"},"content":{"rendered":"<p>[et_pb_section bb_built=\u00a0\u00bb1&Prime; _builder_version=\u00a0\u00bb4.16&Prime; global_colors_info=\u00a0\u00bb{}\u00a0\u00bb][et_pb_row column_structure=\u00a0\u00bb3_4,1_4&Prime; _builder_version=\u00a0\u00bb4.16&Prime; background_size=\u00a0\u00bbinitial\u00a0\u00bb background_position=\u00a0\u00bbtop_left\u00a0\u00bb background_repeat=\u00a0\u00bbrepeat\u00a0\u00bb global_colors_info=\u00a0\u00bb{}\u00a0\u00bb][et_pb_column type=\u00a0\u00bb3_4&Prime; _builder_version=\u00a0\u00bb4.16&Prime; custom_padding=\u00a0\u00bb|||\u00a0\u00bb global_colors_info=\u00a0\u00bb{}\u00a0\u00bb custom_padding__hover=\u00a0\u00bb|||\u00a0\u00bb][et_pb_text module_class=\u00a0\u00bbpages_RGPD\u00a0\u00bb _builder_version=\u00a0\u00bb4.27.6&Prime; vertical_offset_tablet=\u00a0\u00bb0&Prime; horizontal_offset_tablet=\u00a0\u00bb0&Prime; z_index_tablet=\u00a0\u00bb0&Prime; text_text_shadow_horizontal_length_tablet=\u00a0\u00bb0px\u00a0\u00bb text_text_shadow_vertical_length_tablet=\u00a0\u00bb0px\u00a0\u00bb text_text_shadow_blur_strength_tablet=\u00a0\u00bb1px\u00a0\u00bb link_text_shadow_horizontal_length_tablet=\u00a0\u00bb0px\u00a0\u00bb link_text_shadow_vertical_length_tablet=\u00a0\u00bb0px\u00a0\u00bb link_text_shadow_blur_strength_tablet=\u00a0\u00bb1px\u00a0\u00bb ul_text_shadow_horizontal_length_tablet=\u00a0\u00bb0px\u00a0\u00bb ul_text_shadow_vertical_length_tablet=\u00a0\u00bb0px\u00a0\u00bb ul_text_shadow_blur_strength_tablet=\u00a0\u00bb1px\u00a0\u00bb ol_text_shadow_horizontal_length_tablet=\u00a0\u00bb0px\u00a0\u00bb ol_text_shadow_vertical_length_tablet=\u00a0\u00bb0px\u00a0\u00bb ol_text_shadow_blur_strength_tablet=\u00a0\u00bb1px\u00a0\u00bb quote_text_shadow_horizontal_length_tablet=\u00a0\u00bb0px\u00a0\u00bb quote_text_shadow_vertical_length_tablet=\u00a0\u00bb0px\u00a0\u00bb quote_text_shadow_blur_strength_tablet=\u00a0\u00bb1px\u00a0\u00bb header_text_shadow_horizontal_length_tablet=\u00a0\u00bb0px\u00a0\u00bb header_text_shadow_vertical_length_tablet=\u00a0\u00bb0px\u00a0\u00bb header_text_shadow_blur_strength_tablet=\u00a0\u00bb1px\u00a0\u00bb header_2_text_shadow_horizontal_length_tablet=\u00a0\u00bb0px\u00a0\u00bb header_2_text_shadow_vertical_length_tablet=\u00a0\u00bb0px\u00a0\u00bb header_2_text_shadow_blur_strength_tablet=\u00a0\u00bb1px\u00a0\u00bb header_3_text_shadow_horizontal_length_tablet=\u00a0\u00bb0px\u00a0\u00bb header_3_text_shadow_vertical_length_tablet=\u00a0\u00bb0px\u00a0\u00bb header_3_text_shadow_blur_strength_tablet=\u00a0\u00bb1px\u00a0\u00bb header_4_text_shadow_horizontal_length_tablet=\u00a0\u00bb0px\u00a0\u00bb header_4_text_shadow_vertical_length_tablet=\u00a0\u00bb0px\u00a0\u00bb header_4_text_shadow_blur_strength_tablet=\u00a0\u00bb1px\u00a0\u00bb header_5_text_shadow_horizontal_length_tablet=\u00a0\u00bb0px\u00a0\u00bb header_5_text_shadow_vertical_length_tablet=\u00a0\u00bb0px\u00a0\u00bb header_5_text_shadow_blur_strength_tablet=\u00a0\u00bb1px\u00a0\u00bb header_6_text_shadow_horizontal_length_tablet=\u00a0\u00bb0px\u00a0\u00bb header_6_text_shadow_vertical_length_tablet=\u00a0\u00bb0px\u00a0\u00bb header_6_text_shadow_blur_strength_tablet=\u00a0\u00bb1px\u00a0\u00bb box_shadow_horizontal_tablet=\u00a0\u00bb0px\u00a0\u00bb box_shadow_vertical_tablet=\u00a0\u00bb0px\u00a0\u00bb box_shadow_blur_tablet=\u00a0\u00bb40px\u00a0\u00bb box_shadow_spread_tablet=\u00a0\u00bb0px\u00a0\u00bb global_colors_info=\u00a0\u00bb{}\u00a0\u00bb background_pattern_color=\u00a0\u00bbrgba(0,0,0,0.2)\u00a0\u00bb background_mask_color=\u00a0\u00bb#ffffff\u00a0\u00bb text_text_shadow_horizontal_length=\u00a0\u00bbtext_text_shadow_style,%91object Object%93&Prime; text_text_shadow_vertical_length=\u00a0\u00bbtext_text_shadow_style,%91object Object%93&Prime; text_text_shadow_blur_strength=\u00a0\u00bbtext_text_shadow_style,%91object Object%93&Prime; link_text_shadow_horizontal_length=\u00a0\u00bblink_text_shadow_style,%91object Object%93&Prime; link_text_shadow_vertical_length=\u00a0\u00bblink_text_shadow_style,%91object Object%93&Prime; link_text_shadow_blur_strength=\u00a0\u00bblink_text_shadow_style,%91object Object%93&Prime; ul_text_shadow_horizontal_length=\u00a0\u00bbul_text_shadow_style,%91object Object%93&Prime; ul_text_shadow_vertical_length=\u00a0\u00bbul_text_shadow_style,%91object Object%93&Prime; ul_text_shadow_blur_strength=\u00a0\u00bbul_text_shadow_style,%91object Object%93&Prime; ol_text_shadow_horizontal_length=\u00a0\u00bbol_text_shadow_style,%91object Object%93&Prime; ol_text_shadow_vertical_length=\u00a0\u00bbol_text_shadow_style,%91object Object%93&Prime; ol_text_shadow_blur_strength=\u00a0\u00bbol_text_shadow_style,%91object Object%93&Prime; quote_text_shadow_horizontal_length=\u00a0\u00bbquote_text_shadow_style,%91object Object%93&Prime; quote_text_shadow_vertical_length=\u00a0\u00bbquote_text_shadow_style,%91object Object%93&Prime; quote_text_shadow_blur_strength=\u00a0\u00bbquote_text_shadow_style,%91object Object%93&Prime; header_text_shadow_horizontal_length=\u00a0\u00bbheader_text_shadow_style,%91object Object%93&Prime; header_text_shadow_vertical_length=\u00a0\u00bbheader_text_shadow_style,%91object Object%93&Prime; header_text_shadow_blur_strength=\u00a0\u00bbheader_text_shadow_style,%91object Object%93&Prime; header_2_text_shadow_horizontal_length=\u00a0\u00bbheader_2_text_shadow_style,%91object Object%93&Prime; header_2_text_shadow_vertical_length=\u00a0\u00bbheader_2_text_shadow_style,%91object Object%93&Prime; header_2_text_shadow_blur_strength=\u00a0\u00bbheader_2_text_shadow_style,%91object Object%93&Prime; header_3_text_shadow_horizontal_length=\u00a0\u00bbheader_3_text_shadow_style,%91object Object%93&Prime; header_3_text_shadow_vertical_length=\u00a0\u00bbheader_3_text_shadow_style,%91object Object%93&Prime; header_3_text_shadow_blur_strength=\u00a0\u00bbheader_3_text_shadow_style,%91object Object%93&Prime; header_4_text_shadow_horizontal_length=\u00a0\u00bbheader_4_text_shadow_style,%91object Object%93&Prime; header_4_text_shadow_vertical_length=\u00a0\u00bbheader_4_text_shadow_style,%91object Object%93&Prime; header_4_text_shadow_blur_strength=\u00a0\u00bbheader_4_text_shadow_style,%91object Object%93&Prime; header_5_text_shadow_horizontal_length=\u00a0\u00bbheader_5_text_shadow_style,%91object Object%93&Prime; header_5_text_shadow_vertical_length=\u00a0\u00bbheader_5_text_shadow_style,%91object Object%93&Prime; header_5_text_shadow_blur_strength=\u00a0\u00bbheader_5_text_shadow_style,%91object Object%93&Prime; header_6_text_shadow_horizontal_length=\u00a0\u00bbheader_6_text_shadow_style,%91object Object%93&Prime; header_6_text_shadow_vertical_length=\u00a0\u00bbheader_6_text_shadow_style,%91object Object%93&Prime; header_6_text_shadow_blur_strength=\u00a0\u00bbheader_6_text_shadow_style,%91object Object%93&Prime;]<\/p>\n<h1>Pol\u00edtica de privacidad<\/h1>\n<p>La siguiente pol\u00edtica de privacidad se refiere al sitio <a target=\"_new\" rel=\"noopener\" data-start=\"171\" data-end=\"189\">www.animabikes.com<\/a> y tiene como objetivo explicar a los visitantes de este sitio c\u00f3mo Anima Bikes S\u00e0rl (en adelante \u00ab\u00a0nosotros\u00a0\u00bb) adquiere sus datos personales, qu\u00e9 hacemos con ellos y los derechos que usted tiene sobre los mismos, conforme a la Ley Federal de Protecci\u00f3n de Datos (LPD).<\/p>\n<h3>\u00bfC\u00f3mo y d\u00f3nde se define la protecci\u00f3n de datos en la legislaci\u00f3n suiza?<\/h3>\n<p data-start=\"535\" data-end=\"848\">El art\u00edculo 13 de la Constituci\u00f3n Federal establece el principio de que toda persona tiene derecho al respeto de su vida privada y familiar, su domicilio, correspondencia y las relaciones que establezca por correo y telecomunicaciones, as\u00ed como la protecci\u00f3n contra el uso indebido de los datos que le conciernen.<\/p>\n<p data-start=\"850\" data-end=\"1276\">Esta protecci\u00f3n se inscribe en la Ley Federal de Protecci\u00f3n de Datos (LPD), en vigor desde el 1 de julio de 1993. El reglamento correspondiente (OLPD) regula los detalles. Otras leyes contienen numerosas disposiciones relativas a la protecci\u00f3n de la personalidad en \u00e1reas espec\u00edficas. Los art\u00edculos 28 y siguientes del C\u00f3digo Civil (CC) establecen los procedimientos legales aplicables en caso de violaci\u00f3n de la personalidad.<\/p>\n<p>Fuente : <a href=\"https:\/\/www.fedlex.admin.ch\/eli\/cc\/1999\/404\/fr#art_13\" target=\"_blank\" rel=\"noopener noreferrer\">https:\/\/www.fedlex.admin.ch\/<\/a><\/p>\n<h3>\u00bfC\u00f3mo adquirimos sus datos personales?<\/h3>\n<p data-start=\"1359\" data-end=\"1625\">Los \u00fanicos datos personales que adquirimos son aquellos que usted nos proporciona, por ejemplo, cuando nos env\u00eda un mensaje por correo electr\u00f3nico, cuando completa el formulario de contacto en nuestro sitio web o cuando se inscribe en alguna de nuestras actividades.<\/p>\n<p data-start=\"1627\" data-end=\"1813\">Esto puede incluir su nombre, apellido, direcci\u00f3n postal, fecha de nacimiento, direcci\u00f3n de correo electr\u00f3nico, n\u00famero de tel\u00e9fono o cualquier otra informaci\u00f3n que elija proporcionarnos.<\/p>\n<p data-start=\"1815\" data-end=\"2002\">Si decide proporcionarnos estos datos personales, significa que ha entendido y aceptado esta pol\u00edtica de privacidad. En caso de desacuerdo, le rogamos no nos proporcione datos personales.<\/p>\n<h3>\u00bfC\u00f3mo utilizamos sus datos personales?<\/h3>\n<p data-start=\"2048\" data-end=\"2228\">Sus datos personales nos permiten identificarle y comunicarnos con usted, por ejemplo, si ha enviado un mensaje, si est\u00e1 interesado en nuestros servicios o para hacer una pregunta.<\/p>\n<p data-start=\"2230\" data-end=\"2334\">En el caso de una inscripci\u00f3n a actividades, nos permitir\u00e1n establecer una relaci\u00f3n comercial con usted.<\/p>\n<p data-start=\"2336\" data-end=\"2549\">Tambi\u00e9n podr\u00eda recibir un correo electr\u00f3nico nuestro, como bolet\u00edn de noticias o correo promocional. Si no desea recibir este tipo de correos, puede informarnos escribiendo a la direcci\u00f3n <a style=\"font-size: 0.875rem;\" href=\"mailto:info@animabikes.com\">info [at] animabikes.com<\/a><\/p>\n<h3>\u00bfCu\u00e1nto tiempo conservamos sus datos personales?<\/h3>\n<p>A menos que solicite expl\u00edcitamente lo contrario, conservamos sus datos personales durante 3 a\u00f1os a partir del final de la relaci\u00f3n, sea cual sea la naturaleza de la misma. Despu\u00e9s de este per\u00edodo de 3 a\u00f1os, sus datos personales ser\u00e1n eliminados.<\/p>\n<h3>\u00bfQu\u00e9 derechos tiene sobre sus datos personales?<\/h3>\n<p data-start=\"2906\" data-end=\"3009\">De acuerdo con la Ley Federal de Protecci\u00f3n de Datos, usted tiene derechos sobre sus datos, tales como:<\/p>\n<ul data-start=\"3011\" data-end=\"3342\">\n<li data-start=\"3011\" data-end=\"3107\">El derecho de acceso a sus datos personales, por ejemplo, solicitando una copia de los mismos;<\/li>\n<li data-start=\"3108\" data-end=\"3187\">El derecho de rectificaci\u00f3n de sus datos, por ejemplo, si ya no son actuales;<\/li>\n<li data-start=\"3188\" data-end=\"3291\">El derecho a limitar el uso de sus datos, por ejemplo, si ya no desea recibir un bolet\u00edn de noticias;<\/li>\n<li data-start=\"3292\" data-end=\"3335\">El derecho a la eliminaci\u00f3n de sus datos;<\/li>\n<li data-start=\"3336\" data-end=\"3342\">Etc.<\/li>\n<\/ul>\n<p data-start=\"3344\" data-end=\"3446\">Puede modificar o retirar su consentimiento sobre el uso de sus datos personales en cualquier momento.<\/p>\n<p data-start=\"3448\" data-end=\"3611\">Si desea ejercer alguno de sus derechos o tiene alguna pregunta, no dude en contactarnos a la direcci\u00f3n <a style=\"font-size: 0.875rem;\" href=\"mailto:info@animabikes.com\">info [at] animabikes.com<\/a>, estaremos encantados de ayudarle.<\/p>\n<h3>\u00bfC\u00f3mo protegemos sus datos personales?<\/h3>\n<p data-start=\"3657\" data-end=\"3895\">Sus datos personales pueden almacenarse en nuestro correo electr\u00f3nico y en la base de datos de nuestro sitio web. El acceso a estos datos est\u00e1 protegido por contrase\u00f1as lo suficientemente complejas y solo nosotros podemos acceder a ellos.<\/p>\n<p data-start=\"3897\" data-end=\"4001\">Adem\u00e1s, nuestro sitio web es accesible mediante HTTPS (protocolo de transferencia de hipertexto seguro).<\/p>\n<h3>\u00bfCon qui\u00e9n compartimos sus datos personales?<\/h3>\n<p>Toda la informaci\u00f3n personal que nos proporcione permanecer\u00e1 confidencial de forma indefinida. Ning\u00fan dato personal ser\u00e1 vendido, transferido ni compartido con terceros.<\/p>\n<h3>Cookies, medici\u00f3n de audiencia y estad\u00edsticas, enlaces<\/h3>\n<p data-start=\"4937\" data-end=\"5085\">Las cookies son peque\u00f1os archivos de texto que pueden ser utilizados por los sitios web para hacer que la experiencia del usuario sea m\u00e1s eficiente.<\/p>\n<p data-start=\"5087\" data-end=\"5314\">Aparte de las cookies colocadas por servicios de terceros que pueden estar presentes en nuestras p\u00e1ginas (consulte la secci\u00f3n \u00ab\u00a0Contenido incrustado desde otros sitios\u00a0\u00bb m\u00e1s abajo), el sitio <a href=\"http:\/\/www.animabikes.com\">www.animabikes.com&nbsp;<\/a>no genera cookies.<\/p>\n<p data-start=\"5316\" data-end=\"5398\">Este sitio no utiliza ninguna herramienta de medici\u00f3n de audiencia o estad\u00edsticas.<\/p>\n<p data-start=\"5400\" data-end=\"5708\">Sin embargo, puede contener enlaces a otros sitios, los cuales pueden utilizar cookies o herramientas de medici\u00f3n de audiencia o estad\u00edsticas. No obstante, Anima Bikes S\u00e0rl no tiene la capacidad de supervisar ni verificar el contenido de estos sitios, y por tanto no asumir\u00e1 ninguna responsabilidad por ello.<\/p>\n<h3>Utilisation de l\u2019intelligence artificielle (IA)<\/h3>\n<p>Ce site n\u2019utilise aucun syst\u00e8me d\u2019intelligence artificielle au sens du R\u00e8glement (UE) 2024\/1689 relatif \u00e0 l\u2019intelligence artificielle (EU AI Act).<br \/>\nAucune fonctionnalit\u00e9 du site ne repose sur des algorithmes d\u2019apprentissage automatique, de traitement automatis\u00e9 d\u00e9cisionnel ou de g\u00e9n\u00e9ration de contenu par intelligence artificielle.<br \/>\nLes contenus publi\u00e9s, les interactions avec les utilisateurs ainsi que le fonctionnement g\u00e9n\u00e9ral du site reposent exclusivement sur des traitements informatiques classiques, sans recours \u00e0 des technologies d\u2019intelligence artificielle.<\/p>\n<h3>Contenido integrado desde otros sitios<\/h3>\n<p data-start=\"4268\" data-end=\"4565\">Las p\u00e1ginas de este sitio pueden incluir contenido incrustado (por ejemplo, videos, mapas de Google, botones para compartir desde o hacia redes sociales, etc.). El contenido incrustado desde otros sitios se comporta de la misma manera que si el visitante accediera directamente a dicho otro sitio.<\/p>\n<p data-start=\"4567\" data-end=\"4875\">Estos sitios web pueden recopilar datos sobre usted, usar cookies, integrar herramientas de seguimiento de terceros y seguir sus interacciones con estos contenidos incrustados si tiene una cuenta conectada en su sitio web. Al consultar o usar estos contenidos incrustados, usted confirma su acuerdo con ello.<\/p>\n<h3>Utilisation d\u2019intelligence artificielle par des services tiers<\/h3>\n<p>Certains contenus ou services int\u00e9gr\u00e9s sur ce site (tels que des vid\u00e9os YouTube, des cartes GoogleMaps, des outils de prise de rendez-vous en ligne ou d\u2019autres services fournis par des tiers) peuvent reposer, en tout ou en partie, sur des technologies d\u2019intelligence artificielle relevant de cat\u00e9gories \u00e0 risque limit\u00e9 ou minimal au sens de l\u2019EU AI Act.<br \/>\nCes traitements sont enti\u00e8rement op\u00e9r\u00e9s par les fournisseurs tiers concern\u00e9s, conform\u00e9ment \u00e0 leurs propres politiques de confidentialit\u00e9 et conditions d\u2019utilisation.<br \/>\nEn consultant ou en utilisant ces contenus int\u00e9gr\u00e9s, l\u2019utilisateur reconna\u00eet que certaines fonctionnalit\u00e9s peuvent faire appel \u00e0 des syst\u00e8mes d\u2019intelligence artificielle et accepte que les traitements correspondants soient r\u00e9gis par les politiques des services tiers concern\u00e9s.<\/p>\n<h3>Informaci\u00f3n de contacto<\/h3>\n<p>Anima Bikes S\u00e0rl<br \/>\nChemin de la Violette 8, 1030 Bussigny \u2013 Suiza<br \/>\nt\u00e9l&nbsp;: +41 (0)76 228 04 47 \u2013 mail&nbsp;: <a href=\"mailto:info@animabikes.com\">info [at] animabikes.com<\/a><\/p>\n<h3>Modificaciones a la pol\u00edtica de privacidad<\/h3>\n<p data-start=\"5928\" data-end=\"6029\">Si es necesario, nos reservamos el derecho de realizar modificaciones en esta pol\u00edtica de privacidad.<\/p>\n<p data-start=\"6031\" data-end=\"6120\">\u00daltima actualizaci\u00f3n: marzo de 2026.<\/p>\n<hr class=\"ligne-pdc-ml\">\n<p>[\/et_pb_text][\/et_pb_column][et_pb_column type=\u00a0\u00bb1_4&Prime; _builder_version=\u00a0\u00bb4.16&Prime; custom_padding=\u00a0\u00bb|||\u00a0\u00bb global_colors_info=\u00a0\u00bb{}\u00a0\u00bb custom_padding__hover=\u00a0\u00bb|||\u00a0\u00bb][\/et_pb_column][\/et_pb_row][\/et_pb_section]<\/p>\n","protected":false},"excerpt":{"rendered":"<p>Pol\u00edtica de privacidad La siguiente pol\u00edtica de privacidad se refiere al sitio www.animabikes.com y tiene como objetivo explicar a los visitantes de este sitio c\u00f3mo Anima Bikes S\u00e0rl (en adelante \u00ab\u00a0nosotros\u00a0\u00bb) adquiere sus datos personales, qu\u00e9 hacemos con ellos y los derechos que usted tiene sobre los mismos, conforme a la Ley Federal de Protecci\u00f3n [&hellip;]<\/p>\n","protected":false},"author":5,"featured_media":0,"parent":0,"menu_order":22,"comment_status":"closed","ping_status":"closed","template":"","meta":{"_et_pb_use_builder":"on","_et_pb_old_content":"","_et_gb_content_width":"","footnotes":""},"class_list":["post-34438","page","type-page","status-publish","hentry"],"yoast_head":"<!-- This site is optimized with the Yoast SEO plugin v27.4 - https:\/\/yoast.com\/product\/yoast-seo-wordpress\/ -->\n<title>Anima Bikes | Pol\u00edtica de privacidad<\/title>\n<meta name=\"robots\" content=\"index, follow, max-snippet:-1, max-image-preview:large, max-video-preview:-1\" \/>\n<link rel=\"canonical\" href=\"https:\/\/animabikes.com\/es\/politica-de-privacidad\/\" \/>\n<meta property=\"og:locale\" content=\"fr_FR\" \/>\n<meta property=\"og:type\" content=\"article\" \/>\n<meta property=\"og:title\" content=\"Anima Bikes | Pol\u00edtica de privacidad\" \/>\n<meta property=\"og:description\" content=\"Pol\u00edtica de privacidad La siguiente pol\u00edtica de privacidad se refiere al sitio www.animabikes.com y tiene como objetivo explicar a los visitantes de este sitio c\u00f3mo Anima Bikes S\u00e0rl (en adelante &quot;nosotros&quot;) adquiere sus datos personales, qu\u00e9 hacemos con ellos y los derechos que usted tiene sobre los mismos, conforme a la Ley Federal de Protecci\u00f3n [&hellip;]\" \/>\n<meta property=\"og:url\" content=\"https:\/\/animabikes.com\/es\/politica-de-privacidad\/\" \/>\n<meta property=\"og:site_name\" content=\"Anima Bikes\" \/>\n<meta property=\"article:publisher\" content=\"https:\/\/www.facebook.com\/AnimaBikes\" \/>\n<meta property=\"article:modified_time\" content=\"2026-04-01T15:34:33+00:00\" \/>\n<meta name=\"twitter:card\" content=\"summary_large_image\" \/>\n<meta name=\"twitter:label1\" content=\"Dur\u00e9e de lecture estim\u00e9e\" \/>\n\t<meta name=\"twitter:data1\" content=\"6 minutes\" \/>\n<script type=\"application\/ld+json\" class=\"yoast-schema-graph\">{\"@context\":\"https:\\\/\\\/schema.org\",\"@graph\":[{\"@type\":\"WebPage\",\"@id\":\"https:\\\/\\\/animabikes.com\\\/es\\\/politica-de-privacidad\\\/\",\"url\":\"https:\\\/\\\/animabikes.com\\\/es\\\/politica-de-privacidad\\\/\",\"name\":\"Anima Bikes | Pol\u00edtica de privacidad\",\"isPartOf\":{\"@id\":\"https:\\\/\\\/animabikes.com\\\/#website\"},\"datePublished\":\"2025-02-17T16:32:36+00:00\",\"dateModified\":\"2026-04-01T15:34:33+00:00\",\"breadcrumb\":{\"@id\":\"https:\\\/\\\/animabikes.com\\\/es\\\/politica-de-privacidad\\\/#breadcrumb\"},\"inLanguage\":\"fr-FR\",\"potentialAction\":[{\"@type\":\"ReadAction\",\"target\":[\"https:\\\/\\\/animabikes.com\\\/es\\\/politica-de-privacidad\\\/\"]}]},{\"@type\":\"BreadcrumbList\",\"@id\":\"https:\\\/\\\/animabikes.com\\\/es\\\/politica-de-privacidad\\\/#breadcrumb\",\"itemListElement\":[{\"@type\":\"ListItem\",\"position\":1,\"name\":\"Bienvenue\",\"item\":\"https:\\\/\\\/animabikes.com\\\/\"},{\"@type\":\"ListItem\",\"position\":2,\"name\":\"Pol\u00edtica de privacidad\"}]},{\"@type\":\"WebSite\",\"@id\":\"https:\\\/\\\/animabikes.com\\\/#website\",\"url\":\"https:\\\/\\\/animabikes.com\\\/\",\"name\":\"Anima Bikes\",\"description\":\"Partez \u00e0 l&#039;aventure !\",\"publisher\":{\"@id\":\"https:\\\/\\\/animabikes.com\\\/#organization\"},\"potentialAction\":[{\"@type\":\"SearchAction\",\"target\":{\"@type\":\"EntryPoint\",\"urlTemplate\":\"https:\\\/\\\/animabikes.com\\\/?s={search_term_string}\"},\"query-input\":{\"@type\":\"PropertyValueSpecification\",\"valueRequired\":true,\"valueName\":\"search_term_string\"}}],\"inLanguage\":\"fr-FR\"},{\"@type\":\"Organization\",\"@id\":\"https:\\\/\\\/animabikes.com\\\/#organization\",\"name\":\"Anima Bikes\",\"url\":\"https:\\\/\\\/animabikes.com\\\/\",\"logo\":{\"@type\":\"ImageObject\",\"inLanguage\":\"fr-FR\",\"@id\":\"https:\\\/\\\/animabikes.com\\\/#\\\/schema\\\/logo\\\/image\\\/\",\"url\":\"https:\\\/\\\/animabikes.com\\\/wp-content\\\/uploads\\\/2023\\\/10\\\/logo-animabike1_Logo-05-600-x-600-px.png\",\"contentUrl\":\"https:\\\/\\\/animabikes.com\\\/wp-content\\\/uploads\\\/2023\\\/10\\\/logo-animabike1_Logo-05-600-x-600-px.png\",\"width\":600,\"height\":600,\"caption\":\"Anima Bikes\"},\"image\":{\"@id\":\"https:\\\/\\\/animabikes.com\\\/#\\\/schema\\\/logo\\\/image\\\/\"},\"sameAs\":[\"https:\\\/\\\/www.facebook.com\\\/AnimaBikes\",\"https:\\\/\\\/www.instagram.com\\\/anima_bikes\\\/\",\"https:\\\/\\\/www.youtube.com\\\/@AnimaBikes\"]}]}<\/script>\n<!-- \/ Yoast SEO plugin. -->","yoast_head_json":{"title":"Anima Bikes | Pol\u00edtica de privacidad","robots":{"index":"index","follow":"follow","max-snippet":"max-snippet:-1","max-image-preview":"max-image-preview:large","max-video-preview":"max-video-preview:-1"},"canonical":"https:\/\/animabikes.com\/es\/politica-de-privacidad\/","og_locale":"fr_FR","og_type":"article","og_title":"Anima Bikes | Pol\u00edtica de privacidad","og_description":"Pol\u00edtica de privacidad La siguiente pol\u00edtica de privacidad se refiere al sitio www.animabikes.com y tiene como objetivo explicar a los visitantes de este sitio c\u00f3mo Anima Bikes S\u00e0rl (en adelante \"nosotros\") adquiere sus datos personales, qu\u00e9 hacemos con ellos y los derechos que usted tiene sobre los mismos, conforme a la Ley Federal de Protecci\u00f3n [&hellip;]","og_url":"https:\/\/animabikes.com\/es\/politica-de-privacidad\/","og_site_name":"Anima Bikes","article_publisher":"https:\/\/www.facebook.com\/AnimaBikes","article_modified_time":"2026-04-01T15:34:33+00:00","twitter_card":"summary_large_image","twitter_misc":{"Dur\u00e9e de lecture estim\u00e9e":"6 minutes"},"schema":{"@context":"https:\/\/schema.org","@graph":[{"@type":"WebPage","@id":"https:\/\/animabikes.com\/es\/politica-de-privacidad\/","url":"https:\/\/animabikes.com\/es\/politica-de-privacidad\/","name":"Anima Bikes | Pol\u00edtica de privacidad","isPartOf":{"@id":"https:\/\/animabikes.com\/#website"},"datePublished":"2025-02-17T16:32:36+00:00","dateModified":"2026-04-01T15:34:33+00:00","breadcrumb":{"@id":"https:\/\/animabikes.com\/es\/politica-de-privacidad\/#breadcrumb"},"inLanguage":"fr-FR","potentialAction":[{"@type":"ReadAction","target":["https:\/\/animabikes.com\/es\/politica-de-privacidad\/"]}]},{"@type":"BreadcrumbList","@id":"https:\/\/animabikes.com\/es\/politica-de-privacidad\/#breadcrumb","itemListElement":[{"@type":"ListItem","position":1,"name":"Bienvenue","item":"https:\/\/animabikes.com\/"},{"@type":"ListItem","position":2,"name":"Pol\u00edtica de privacidad"}]},{"@type":"WebSite","@id":"https:\/\/animabikes.com\/#website","url":"https:\/\/animabikes.com\/","name":"Anima Bikes","description":"Partez \u00e0 l&#039;aventure !","publisher":{"@id":"https:\/\/animabikes.com\/#organization"},"potentialAction":[{"@type":"SearchAction","target":{"@type":"EntryPoint","urlTemplate":"https:\/\/animabikes.com\/?s={search_term_string}"},"query-input":{"@type":"PropertyValueSpecification","valueRequired":true,"valueName":"search_term_string"}}],"inLanguage":"fr-FR"},{"@type":"Organization","@id":"https:\/\/animabikes.com\/#organization","name":"Anima Bikes","url":"https:\/\/animabikes.com\/","logo":{"@type":"ImageObject","inLanguage":"fr-FR","@id":"https:\/\/animabikes.com\/#\/schema\/logo\/image\/","url":"https:\/\/animabikes.com\/imagesgk\/2023\/10\/logo-animabike1_Logo-05-600-x-600-px.png","contentUrl":"https:\/\/animabikes.com\/imagesgk\/2023\/10\/logo-animabike1_Logo-05-600-x-600-px.png","width":600,"height":600,"caption":"Anima Bikes"},"image":{"@id":"https:\/\/animabikes.com\/#\/schema\/logo\/image\/"},"sameAs":["https:\/\/www.facebook.com\/AnimaBikes","https:\/\/www.instagram.com\/anima_bikes\/","https:\/\/www.youtube.com\/@AnimaBikes"]}]}},"_links":{"self":[{"href":"https:\/\/animabikes.com\/api-json-gk\/wp\/v2\/pages\/34438","targetHints":{"allow":["GET"]}}],"collection":[{"href":"https:\/\/animabikes.com\/api-json-gk\/wp\/v2\/pages"}],"about":[{"href":"https:\/\/animabikes.com\/api-json-gk\/wp\/v2\/types\/page"}],"author":[{"embeddable":true,"href":"https:\/\/animabikes.com\/api-json-gk\/wp\/v2\/users\/5"}],"replies":[{"embeddable":true,"href":"https:\/\/animabikes.com\/api-json-gk\/wp\/v2\/comments?post=34438"}],"version-history":[{"count":4,"href":"https:\/\/animabikes.com\/api-json-gk\/wp\/v2\/pages\/34438\/revisions"}],"predecessor-version":[{"id":36122,"href":"https:\/\/animabikes.com\/api-json-gk\/wp\/v2\/pages\/34438\/revisions\/36122"}],"wp:attachment":[{"href":"https:\/\/animabikes.com\/api-json-gk\/wp\/v2\/media?parent=34438"}],"curies":[{"name":"wp","href":"https:\/\/api.w.org\/{rel}","templated":true}]}}